{"id":3420,"date":"2016-12-15T12:49:41","date_gmt":"2016-12-15T12:49:41","guid":{"rendered":"http:\/\/www.soltel.es\/?page_id=3420"},"modified":"2025-02-20T13:25:21","modified_gmt":"2025-02-20T13:25:21","slug":"politica-de-privacidad","status":"publish","type":"page","link":"https:\/\/www.soltel.es\/en\/politica-de-privacidad\/","title":{"rendered":"POL\u00cdTICA DE PROTECCI\u00d3N DE LA PRIVADAD DEL GRUPO SOLTEL"},"content":{"rendered":"<h2><img loading=\"lazy\" decoding=\"async\" class=\"alignnone size-medium wp-image-2771 aligncenter\" src=\"http:\/\/www.soltel.es\/wp-content\/uploads\/2018\/01\/Logo-Web-Grupo-Soltel-0-2-300x85.png\" alt=\"Logo-Web-Grupo-Soltel-0\" width=\"300\" height=\"85\" \/><b><\/b><\/h2>\n<h2 style=\"text-align: center;\"><\/h2>\n<h2 style=\"text-align: center;\"><\/h2>\n<p><span style=\"font-weight: 400;\">Mediante este aviso, la entidad SOLTEL IT SOLUTIONS SLU domiciliada en C\/LEONARDO DA VINCI, 13- PABELL\u00d3N FUNDOSA 4\u00aa PLANTA &#8211; P.C.T. CARTUJA<\/span> <span style=\"font-weight: 400;\">y con correo electr\u00f3nico <\/span><a href=\"mailto:privacidad@solte.es\"><b>privacidad@soltel.es<\/b><\/a><span style=\"font-weight: 400;\"> informa a los usuarios de su portal acerca de su pol\u00edtica de protecci\u00f3n de datos de car\u00e1cter personal para que los Usuarios determinen libre y voluntariamente si desean facilitar a \u00a0GRUPO SOLTEL los Datos Personales que se les puedan requerir o que se puedan obtener de los Usuarios con ocasi\u00f3n de la suscripci\u00f3n o alta en algunos de los servicios ofrecidos por SOLTEL IT SOLUTIONS SLU<\/span> <span style=\"font-weight: 400;\">en el Portal o a trav\u00e9s del Portal. SOLTEL IT SOLUTIONS SLU se reserva el derecho a modificar la presente pol\u00edtica para adaptarla a novedades legislativas o jurisprudenciales as\u00ed como a pr\u00e1cticas de la industria. En dichos supuestos, SOLTEL IT SOLUTIONS SLU anunciar\u00e1 en esta p\u00e1gina los cambios introducidos con razonable antelaci\u00f3n a su puesta en pr\u00e1ctica.<\/span><\/p>\n<p><b>Registro de ficheros y formularios<\/b><\/p>\n<p><b><i>Informaci\u00f3n sobre Protecci\u00f3n de Datos<\/i><\/b><\/p>\n<p><b>\u00bfQui\u00e9n es el Responsable del tratamiento de sus datos?<\/b><\/p>\n<p><i><span style=\"font-weight: 400;\">Identidad<\/span><\/i><span style=\"font-weight: 400;\">: SOLTEL IT SOLUTIONS SLU <\/span><\/p>\n<p><span style=\"font-weight: 400;\">CIF: B-91219758<\/span><\/p>\n<p><i><span style=\"font-weight: 400;\">Dir. postal<\/span><\/i><span style=\"font-weight: 400;\">: C\/LEONARDO DA VINCI, 13- PABELL\u00d3N FUNDOSA 4\u00aa PLANTA &#8211; P.C.T. CARTUJA<\/span><\/p>\n<p><i><span style=\"font-weight: 400;\">Tel\u00e9fono<\/span><\/i><span style=\"font-weight: 400;\">: <\/span><b>955087300<\/b><\/p>\n<p><i><span style=\"font-weight: 400;\">Correo elect<\/span><\/i><span style=\"font-weight: 400;\">: <\/span><a href=\"mailto:privacidad@solte.es\"><b>privacidad@soltel.es<\/b><\/a><\/p>\n<p><b>Secci\u00f3n Contacto:<\/b><\/p>\n<p><b>\u00bfCon qu\u00e9 finalidad tratamos sus datos personales?<\/b><\/p>\n<p><span style=\"font-weight: 400;\">Tratamos sus datos para responder a su consulta\/solicitud y gestionar el tipo de relaci\u00f3n que mantiene con nosotros.<\/span><\/p>\n<p><span style=\"font-weight: 400;\">Sus datos de contacto utilizados para responder a su consulta\/solicitud, ser\u00e1n conservados mientras usted mantenga su consentimiento para esta finalidad.<\/span><\/p>\n<p><span style=\"font-weight: 400;\">No se tomar\u00e1n decisiones individuales automatizadas ni se elaborar\u00e1n perfiles.<\/span><\/p>\n<p><b>\u00bfCu\u00e1l es la legitimaci\u00f3n para el tratamiento de sus datos?<\/b><\/p>\n<p><span style=\"font-weight: 400;\">Tratamos sus datos personales en base a su consentimiento para que le respondamos a su consulta\/ solicitud.<\/span><\/p>\n<p><span style=\"font-weight: 400;\">En caso de no facilitar sus datos ser\u00eda imposible establecer ninguna relaci\u00f3n entre las partes.<\/span><\/p>\n<p><b>\u00bfA qu\u00e9 destinatarios se comunicar\u00e1n sus datos?<\/b><\/p>\n<p><span style=\"font-weight: 400;\">Sus datos no ser\u00e1n comunicados a terceros. No se realizar\u00e1n transferencias internacionales de datos.<\/span><\/p>\n<p><b>Secci\u00f3n \u00danete a Nosotros:<\/b><\/p>\n<p><b>\u00bfCon qu\u00e9 finalidad tratamos sus datos personales?<\/b><\/p>\n<p><span style=\"font-weight: 400;\">Tratamos sus datos para crear una base de datos de candidatos que opten a cubrir puestos vacantes en la entidad y gestionar su perfil de usuario en el portal de empleo de la empresa.<\/span><\/p>\n<p><span style=\"font-weight: 400;\">Sus datos curriculares ser\u00e1n conservados mientras usted mantenga su consentimiento para esta finalidad.<\/span><\/p>\n<p><span style=\"font-weight: 400;\">No se tomar\u00e1n decisiones individuales automatizadas.<\/span><\/p>\n<p><span style=\"font-weight: 400;\">Se elaborar\u00e1n perfiles curriculares en base a la informaci\u00f3n proporcionada por usted, para ajustar su perfil a las caracter\u00edsticas de los puestos vacantes.<\/span><\/p>\n<p><b>\u00bfCu\u00e1l es la legitimaci\u00f3n para el tratamiento de sus datos?<\/b><\/p>\n<p><span style=\"font-weight: 400;\">Tratamos sus datos personales en base a su consentimiento para incluir sus datos curriculares en una base de datos de candidatos que opten a cubrir puestos vacantes en la entidad.<\/span><\/p>\n<p><span style=\"font-weight: 400;\">En caso de no facilitar sus datos ser\u00eda imposible hacerle part\u00edcipe de futuros procesos de selecci\u00f3n de personal.<\/span><\/p>\n<p><b>\u00bfA qu\u00e9 destinatarios se comunicar\u00e1n sus datos?<\/b><\/p>\n<p><span style=\"font-weight: 400;\">Sus datos no ser\u00e1n comunicados a terceros. No se realizar\u00e1n transferencias internacionales de datos.<\/span><\/p>\n<p><b>Facturas<\/b><\/p>\n<p><b>\u00bfCon qu\u00e9 finalidad tratamos sus datos personales?<\/b><\/p>\n<h2 style=\"text-align: center;\"><\/h2>\n<p><span style=\"font-weight: 400;\">Tratamos sus datos para realizar la gesti\u00f3n fiscal contable y administrativa de nuestros clientes y seguimiento de la relaci\u00f3n comercial.<\/span><\/p>\n<p><span style=\"font-weight: 400;\">Sus datos ser\u00e1n conservados durante el tiempo que durante la relaci\u00f3n contractual entre las partes y durante el periodo de tiempo legalmente establecido por la legislaci\u00f3n tributaria y mercantil.<\/span><\/p>\n<p><span style=\"font-weight: 400;\">No se tomar\u00e1n decisiones individuales automatizadas ni se elaborar\u00e1n perfiles.<\/span><\/p>\n<p><b>\u00bfCu\u00e1l es la legitimaci\u00f3n para el tratamiento de sus datos?<\/b><\/p>\n<h2 style=\"text-align: center;\"><\/h2>\n<p><span style=\"font-weight: 400;\">Tratamos sus datos personales en base al contrato mercantil establecido entre las partes y con la finalidad de gesti\u00f3n de los servicios incluidos en dicho contrato.<\/span><\/p>\n<p><span style=\"font-weight: 400;\">En caso de no facilitar sus datos ser\u00eda imposible establecer ninguna relaci\u00f3n comercial entre las partes.<\/span><\/p>\n<p><b>\u00bfA qu\u00e9 destinatarios se comunicar\u00e1n sus datos?<\/b><\/p>\n<p><span style=\"font-weight: 400;\">Se ceder\u00e1n datos a otras empresas del GRUPO SOLTEL [Soltel IT Solutions | Soltel IT Systems | Soltel IT Software ] Sus datos ser\u00e1n comunicados a aqu\u00e9llas Administraciones P\u00fablicas que lo requieran en virtud de disposici\u00f3n legal. La empresa utiliza servicios de alojamiento externo, en cloud, con Google, que conlleva una transferencia internacional de datos, que se encuentra al amparo del acuerdo EU-US Privacy Shield, informaci\u00f3n disponible en <\/span><a href=\"http:\/\/www.privacyshield.gov\"><span style=\"font-weight: 400;\">www.privacyshield.gov<\/span><\/a><\/p>\n<h2 style=\"text-align: center;\"><\/h2>\n<p><b>Pedidos<\/b><\/p>\n<p><b>\u00bfCon qu\u00e9 finalidad tratamos sus datos personales?<\/b><\/p>\n<h2 style=\"text-align: center;\"><\/h2>\n<p><span style=\"font-weight: 400;\">Tratamos sus datos para realizar la gesti\u00f3n de la relaci\u00f3n comercial entre las partes y la gesti\u00f3n fiscal y administrativa de nuestros proveedores. Sus datos ser\u00e1n conservados durante el tiempo que durante la relaci\u00f3n contractual entre las partes y durante el periodo de tiempo legalmente establecido por la legislaci\u00f3n tributaria y mercantil. No se tomar\u00e1n decisiones individuales automatizadas ni se elaborar\u00e1n perfiles.<\/span><\/p>\n<p><b>\u00bfCu\u00e1l es la legitimaci\u00f3n para el tratamiento de sus datos?<\/b><\/p>\n<h2 style=\"text-align: center;\"><\/h2>\n<p><span style=\"font-weight: 400;\">Tratamos sus datos personales en base al contrato mercantil establecido entre las partes y con la finalidad de gesti\u00f3n de los servicios incluidos en dicho contrato. En caso de no facilitar sus datos ser\u00eda imposible establecer ninguna relaci\u00f3n comercial entre las partes.<\/span><\/p>\n<p><b>\u00bfA qu\u00e9 destinatarios se comunicar\u00e1n sus datos?<\/b><\/p>\n<p><span style=\"font-weight: 400;\">Se ceder\u00e1n datos otras empresas del GRUPO SOLTEL [Soltel IT Solutions | Soltel IT Systems | Soltel IT Software ] Sus datos ser\u00e1n comunicados a aqu\u00e9llas Administraciones P\u00fablicas que lo requieran en virtud de disposici\u00f3n legal. La empresa utiliza servicios de alojamiento externo, en cloud, con Google, que conlleva una transferencia internacional de datos, que se encuentra al amparo del acuerdo EU-US Privacy Shield, informaci\u00f3n disponible en <\/span><a href=\"http:\/\/www.privacyshield.gov\"><span style=\"font-weight: 400;\">www.privacyshield.gov<\/span><\/a><\/p>\n<h2 style=\"text-align: center;\"><\/h2>\n<p><b>\u00bfCu\u00e1les son sus derechos cuando nos facilita sus datos?<\/b><\/p>\n<p><span style=\"font-weight: 400;\">Las personas interesadas tienen derecho a obtener confirmaci\u00f3n sobre si estamos tratando datos personales que les conciernan, o no.<\/span><\/p>\n<p><span style=\"font-weight: 400;\">Las personas interesadas tienen derecho a acceder a sus datos personales, as\u00ed como a solicitar la rectificaci\u00f3n de los datos inexactos o, en su caso, solicitar su supresi\u00f3n cuando, entre otros motivos, los datos ya no sean necesarios para los fines que fueron recogidos.<\/span><\/p>\n<p><span style=\"font-weight: 400;\">Las personas interesadas tienen derecho a revocar o retirar el consentimiento otorgado para el tratamiento de sus datos para finalidades espec\u00edficas en cualquier momento.<\/span><\/p>\n<p><span style=\"font-weight: 400;\">En determinadas circunstancias y por motivos relacionados con su situaci\u00f3n particular, las personas interesadas podr\u00e1n oponerse al tratamiento de sus datos o a parte de estos, en cuyo caso dejaremos de tratar los datos, salvo para el cumplimiento de alguna obligaci\u00f3n legal.<\/span><\/p>\n<p><span style=\"font-weight: 400;\">En determinadas circunstancias, las personas interesadas podr\u00e1n solicitar la limitaci\u00f3n del tratamiento de sus datos, en cuyo caso \u00fanicamente los conservaremos para el ejercicio o la defensa de reclamaciones y para el cumplimiento de alguna obligaci\u00f3n legal.<\/span><\/p>\n<p><span style=\"font-weight: 400;\">En determinadas circunstancias (cuando el tratamiento se realice por medios automatizados y este se base en el consentimiento de las personas interesadas), las personas interesadas podr\u00e1n solicitar la portabilidad de sus datos para que estos sean transmitidos a otro responsable.<\/span><\/p>\n<p><span style=\"font-weight: 400;\">En determinadas circunstancias (cuando la base de legitimaci\u00f3n sea la ejecuci\u00f3n de un contrato o el consentimiento del interesado) las personas interesadas podr\u00e1n solicitar su derecho a no ser objeto de una decisi\u00f3n basada \u00fanicamente en el tratamiento automatizado, incluida la elaboraci\u00f3n de perfiles, que me produzca efectos jur\u00eddicos o me afecte significativamente de modo similar.<\/span><\/p>\n<p><span style=\"font-weight: 400;\">Las personas interesadas pueden ejercer sus derechos dirigiendo un escrito al Responsable del Tratamiento en la direcci\u00f3n C\/LEONARDO DA VINCI, 13- PABELL\u00d3N FUNDOSA 4\u00aa PLANTA &#8211; P.C.T. CARTUJA. Direcci\u00f3n de correo electr\u00f3nico<\/span> <a href=\"mailto:privacidad@solte.es\"><b>privacidad@soltel.es<\/b><\/a> <span style=\"font-weight: 400;\">, pudiendo obtener modelos para este ejercicio en www.aepd.es.<\/span><\/p>\n<p><span style=\"font-weight: 400;\">Las personas interesadas disponen de la posibilidad presentar una reclamaci\u00f3n cuando no hayan obtenido satisfacci\u00f3n en el ejercicio de sus derechos ante la Agencia Espa\u00f1ola de Protecci\u00f3n de Datos (www.aepd.es). As\u00ed mismo, las personas interesadas pueden obtener informaci\u00f3n adicional acerca de sus derechos dirigi\u00e9ndose a la Agencia Espa\u00f1ola de Protecci\u00f3n de Datos (<\/span><a href=\"http:\/\/www.aepd.es\/\"><span style=\"font-weight: 400;\">www.aepd.es<\/span><\/a><span style=\"font-weight: 400;\">).<\/span><\/p>\n<p><b>Finalidades<\/b><\/p>\n<p><span style=\"font-weight: 400;\">La finalidad a la que se destinar\u00e1 los datos personales que nos facilite est\u00e1 claramente definida en el apartado anterior para cada una de nuestras secciones susceptibles de recogida de datos.<\/span><\/p>\n<p><b>Ejercicio de derechos<\/b><\/p>\n<p><span style=\"font-weight: 400;\">El ejercicio de sus derechos queda claramente definido en el apartado anterior para cada una de nuestras secciones susceptibles de recogida de datos.<\/span><\/p>\n<p><b>Exactitud y veracidad de los datos facilitados<\/b><\/p>\n<p><span style=\"font-weight: 400;\">Los usuarios garantizan y responden, en cualquier caso, de la exactitud, vigencia y autenticidad de los datos personales facilitados, y se comprometen a mantenerlos debidamente actualizados.<\/span><\/p>\n<p><span style=\"font-weight: 400;\">Los usuarios tienen reconocidos, y podr\u00e1n ejercitar, los derechos de acceso, cancelaci\u00f3n, rectificaci\u00f3n, oposici\u00f3n, limitaci\u00f3n en el tratamiento y portabilidad, as\u00ed como tienen reconocido el derecho a ser informados de las cesiones realizadas contactando con SOLTEL IT SOLUTIONS SLU<\/span> <span style=\"font-weight: 400;\">\u00a0a trav\u00e9s del correo electr\u00f3nico <\/span><a href=\"mailto:privacidad@solte.es\"><b>privacidad@soltel.es<\/b><\/a><\/p>\n<p><span style=\"font-weight: 400;\">SOLTEL IT SOLUTIONS SLU<\/span><b> \u00a0<\/b><span style=\"font-weight: 400;\">no responde de la veracidad de las informaciones que no sean de elaboraci\u00f3n propia y de las que se indique otra fuente, por lo que tampoco asume responsabilidad alguna en cuanto a hipot\u00e9ticos perjuicios que pudieran originarse por el uso de dicha informaci\u00f3n.<\/span><\/p>\n<p><span style=\"font-weight: 400;\">SOLTEL IT SOLUTIONS SLU<\/span> <span style=\"font-weight: 400;\">\u00a0se reserva el derecho a actualizar, modificar o eliminar la informaci\u00f3n contenida en sus p\u00e1ginas Web pudiendo incluso limitar o no permitir el acceso a dicha informaci\u00f3n<\/span><\/p>\n<p><span style=\"font-weight: 400;\">Se exonera a SOLTEL IT SOLUTIONS SLU<\/span> <span style=\"font-weight: 400;\">de responsabilidad ante cualquier da\u00f1o o perjuicio que pudiera sufrir el Usuario como consecuencia de errores, defectos u omisiones, en la informaci\u00f3n facilitada por SOLTEL IT SOLUTIONS SLU<\/span> <span style=\"font-weight: 400;\">siempre que proceda de fuentes ajenas \u00a0a SOLTEL IT SOLUTIONS SLU<\/span><\/p>\n<p><b>Medidas de seguridad<\/b><\/p>\n<p><span style=\"font-weight: 400;\">SOLTEL IT SOLUTIONS SLU ha adoptado los niveles y medidas de seguridad para la protecci\u00f3n de los datos personales instalando en sus sistemas y ficheros las medidas t\u00e9cnicas necesarias para garantizar el tratamiento confidencial de los datos, evitar su p\u00e9rdida, alteraci\u00f3n y acceso no autorizado.<\/span><\/p>\n<p><b>Aceptaci\u00f3n y Consentimiento<\/b><\/p>\n<p><span style=\"font-weight: 400;\">El Usuario declara haber sido informado de las condiciones sobre protecci\u00f3n de datos personales, aceptando y consintiendo el tratamiento automatizado de los mismos por parte de SOLTEL IT SOLUTIONS SLU en la forma y para las finalidades indicadas en el clausulado informativo presente en cada una de las secciones en las que pueden recabarse datos de car\u00e1cter personal.<\/span><\/p>\n<h2 style=\"text-align: center;\"><\/h2>\n","protected":false},"excerpt":{"rendered":"<p>Mediante este aviso, la entidad SOLTEL IT SOLUTIONS SLU domiciliada en C\/LEONARDO DA VINCI, 13- PABELL\u00d3N FUNDOSA 4\u00aa PLANTA &#8211; P.C.T. CARTUJA y con correo electr\u00f3nico privacidad@soltel.es informa a los usuarios de su portal acerca de su pol\u00edtica de protecci\u00f3n de datos de car\u00e1cter personal para que los Usuarios determinen libre y voluntariamente si desean&#8230;<\/p>","protected":false},"author":1,"featured_media":0,"parent":0,"menu_order":0,"comment_status":"closed","ping_status":"closed","template":"","meta":{"_acf_changed":false,"footnotes":""},"class_list":["post-3420","page","type-page","status-publish","hentry"],"acf":[],"yoast_head":"<!-- This site is optimized with the Yoast SEO plugin v27.5 - https:\/\/yoast.com\/product\/yoast-seo-wordpress\/ -->\n<title>POL\u00cdTICA DE PROTECCI\u00d3N DE LA PRIVADAD DEL GRUPO SOLTEL - Soltel Group<\/title>\n<meta name=\"robots\" content=\"index, follow, max-snippet:-1, max-image-preview:large, max-video-preview:-1\" \/>\n<link rel=\"canonical\" href=\"https:\/\/www.soltel.es\/en\/politica-de-privacidad\/\" \/>\n<meta property=\"og:locale\" content=\"en_GB\" \/>\n<meta property=\"og:type\" content=\"article\" \/>\n<meta property=\"og:title\" content=\"POL\u00cdTICA DE PROTECCI\u00d3N DE LA PRIVADAD DEL GRUPO SOLTEL - Soltel Group\" \/>\n<meta property=\"og:description\" content=\"Mediante este aviso, la entidad SOLTEL IT SOLUTIONS SLU domiciliada en C\/LEONARDO DA VINCI, 13- PABELL\u00d3N FUNDOSA 4\u00aa PLANTA &#8211; P.C.T. CARTUJA y con correo electr\u00f3nico privacidad@soltel.es informa a los usuarios de su portal acerca de su pol\u00edtica de protecci\u00f3n de datos de car\u00e1cter personal para que los Usuarios determinen libre y voluntariamente si desean...\" \/>\n<meta property=\"og:url\" content=\"https:\/\/www.soltel.es\/en\/politica-de-privacidad\/\" \/>\n<meta property=\"og:site_name\" content=\"Soltel Group\" \/>\n<meta property=\"article:publisher\" content=\"https:\/\/www.facebook.com\/pages\/Soltel-IT-Solutions\/158795267511286\" \/>\n<meta property=\"article:modified_time\" content=\"2025-02-20T13:25:21+00:00\" \/>\n<meta property=\"og:image\" content=\"http:\/\/www.soltel.es\/wp-content\/uploads\/2018\/01\/Logo-Web-Grupo-Soltel-0-2-300x85.png\" \/>\n<meta name=\"twitter:card\" content=\"summary_large_image\" \/>\n<meta name=\"twitter:site\" content=\"@soltel_it\" \/>\n<meta name=\"twitter:label1\" content=\"Estimated reading time\" \/>\n\t<meta name=\"twitter:data1\" content=\"9 minutes\" \/>\n<script type=\"application\/ld+json\" class=\"yoast-schema-graph\">{\"@context\":\"https:\\\/\\\/schema.org\",\"@graph\":[{\"@type\":\"WebPage\",\"@id\":\"https:\\\/\\\/www.soltel.es\\\/politica-de-privacidad\\\/\",\"url\":\"https:\\\/\\\/www.soltel.es\\\/politica-de-privacidad\\\/\",\"name\":\"POL\u00cdTICA DE PROTECCI\u00d3N DE LA PRIVADAD DEL GRUPO SOLTEL - Soltel Group\",\"isPartOf\":{\"@id\":\"https:\\\/\\\/www.soltel.es\\\/#website\"},\"primaryImageOfPage\":{\"@id\":\"https:\\\/\\\/www.soltel.es\\\/politica-de-privacidad\\\/#primaryimage\"},\"image\":{\"@id\":\"https:\\\/\\\/www.soltel.es\\\/politica-de-privacidad\\\/#primaryimage\"},\"thumbnailUrl\":\"http:\\\/\\\/www.soltel.es\\\/wp-content\\\/uploads\\\/2018\\\/01\\\/Logo-Web-Grupo-Soltel-0-2-300x85.png\",\"datePublished\":\"2016-12-15T12:49:41+00:00\",\"dateModified\":\"2025-02-20T13:25:21+00:00\",\"breadcrumb\":{\"@id\":\"https:\\\/\\\/www.soltel.es\\\/politica-de-privacidad\\\/#breadcrumb\"},\"inLanguage\":\"en-GB\",\"potentialAction\":[{\"@type\":\"ReadAction\",\"target\":[\"https:\\\/\\\/www.soltel.es\\\/politica-de-privacidad\\\/\"]}]},{\"@type\":\"ImageObject\",\"inLanguage\":\"en-GB\",\"@id\":\"https:\\\/\\\/www.soltel.es\\\/politica-de-privacidad\\\/#primaryimage\",\"url\":\"http:\\\/\\\/www.soltel.es\\\/wp-content\\\/uploads\\\/2018\\\/01\\\/Logo-Web-Grupo-Soltel-0-2-300x85.png\",\"contentUrl\":\"http:\\\/\\\/www.soltel.es\\\/wp-content\\\/uploads\\\/2018\\\/01\\\/Logo-Web-Grupo-Soltel-0-2-300x85.png\"},{\"@type\":\"BreadcrumbList\",\"@id\":\"https:\\\/\\\/www.soltel.es\\\/politica-de-privacidad\\\/#breadcrumb\",\"itemListElement\":[{\"@type\":\"ListItem\",\"position\":1,\"name\":\"Portada\",\"item\":\"https:\\\/\\\/www.soltel.es\\\/\"},{\"@type\":\"ListItem\",\"position\":2,\"name\":\"POL\u00cdTICA DE PROTECCI\u00d3N DE LA PRIVADAD DEL GRUPO SOLTEL\"}]},{\"@type\":\"WebSite\",\"@id\":\"https:\\\/\\\/www.soltel.es\\\/#website\",\"url\":\"https:\\\/\\\/www.soltel.es\\\/\",\"name\":\"Soltel Group\",\"description\":\"Soltel IT Solutions, empresa especializada en servicios IT\",\"publisher\":{\"@id\":\"https:\\\/\\\/www.soltel.es\\\/#organization\"},\"potentialAction\":[{\"@type\":\"SearchAction\",\"target\":{\"@type\":\"EntryPoint\",\"urlTemplate\":\"https:\\\/\\\/www.soltel.es\\\/?s={search_term_string}\"},\"query-input\":{\"@type\":\"PropertyValueSpecification\",\"valueRequired\":true,\"valueName\":\"search_term_string\"}}],\"inLanguage\":\"en-GB\"},{\"@type\":\"Organization\",\"@id\":\"https:\\\/\\\/www.soltel.es\\\/#organization\",\"name\":\"Soltel Group\",\"url\":\"https:\\\/\\\/www.soltel.es\\\/\",\"logo\":{\"@type\":\"ImageObject\",\"inLanguage\":\"en-GB\",\"@id\":\"https:\\\/\\\/www.soltel.es\\\/#\\\/schema\\\/logo\\\/image\\\/\",\"url\":\"https:\\\/\\\/www.soltel.es\\\/wp-content\\\/uploads\\\/2023\\\/03\\\/logotipo-soltel.png\",\"contentUrl\":\"https:\\\/\\\/www.soltel.es\\\/wp-content\\\/uploads\\\/2023\\\/03\\\/logotipo-soltel.png\",\"width\":276,\"height\":212,\"caption\":\"Soltel Group\"},\"image\":{\"@id\":\"https:\\\/\\\/www.soltel.es\\\/#\\\/schema\\\/logo\\\/image\\\/\"},\"sameAs\":[\"https:\\\/\\\/www.facebook.com\\\/pages\\\/Soltel-IT-Solutions\\\/158795267511286\",\"https:\\\/\\\/x.com\\\/soltel_it\",\"https:\\\/\\\/www.youtube.com\\\/@soltel\",\"https:\\\/\\\/www.linkedin.com\\\/company\\\/soltel\",\"https:\\\/\\\/www.instagram.com\\\/soltelgroup\\\/\"]}]}<\/script>\n<!-- \/ Yoast SEO plugin. -->","yoast_head_json":{"title":"POL\u00cdTICA DE PROTECCI\u00d3N DE LA PRIVADAD DEL GRUPO SOLTEL - Soltel Group","robots":{"index":"index","follow":"follow","max-snippet":"max-snippet:-1","max-image-preview":"max-image-preview:large","max-video-preview":"max-video-preview:-1"},"canonical":"https:\/\/www.soltel.es\/en\/politica-de-privacidad\/","og_locale":"en_GB","og_type":"article","og_title":"POL\u00cdTICA DE PROTECCI\u00d3N DE LA PRIVADAD DEL GRUPO SOLTEL - Soltel Group","og_description":"Mediante este aviso, la entidad SOLTEL IT SOLUTIONS SLU domiciliada en C\/LEONARDO DA VINCI, 13- PABELL\u00d3N FUNDOSA 4\u00aa PLANTA &#8211; P.C.T. CARTUJA y con correo electr\u00f3nico privacidad@soltel.es informa a los usuarios de su portal acerca de su pol\u00edtica de protecci\u00f3n de datos de car\u00e1cter personal para que los Usuarios determinen libre y voluntariamente si desean...","og_url":"https:\/\/www.soltel.es\/en\/politica-de-privacidad\/","og_site_name":"Soltel Group","article_publisher":"https:\/\/www.facebook.com\/pages\/Soltel-IT-Solutions\/158795267511286","article_modified_time":"2025-02-20T13:25:21+00:00","og_image":[{"url":"http:\/\/www.soltel.es\/wp-content\/uploads\/2018\/01\/Logo-Web-Grupo-Soltel-0-2-300x85.png","type":"","width":"","height":""}],"twitter_card":"summary_large_image","twitter_site":"@soltel_it","twitter_misc":{"Estimated reading time":"9 minutes"},"schema":{"@context":"https:\/\/schema.org","@graph":[{"@type":"WebPage","@id":"https:\/\/www.soltel.es\/politica-de-privacidad\/","url":"https:\/\/www.soltel.es\/politica-de-privacidad\/","name":"POL\u00cdTICA DE PROTECCI\u00d3N DE LA PRIVADAD DEL GRUPO SOLTEL - Soltel Group","isPartOf":{"@id":"https:\/\/www.soltel.es\/#website"},"primaryImageOfPage":{"@id":"https:\/\/www.soltel.es\/politica-de-privacidad\/#primaryimage"},"image":{"@id":"https:\/\/www.soltel.es\/politica-de-privacidad\/#primaryimage"},"thumbnailUrl":"http:\/\/www.soltel.es\/wp-content\/uploads\/2018\/01\/Logo-Web-Grupo-Soltel-0-2-300x85.png","datePublished":"2016-12-15T12:49:41+00:00","dateModified":"2025-02-20T13:25:21+00:00","breadcrumb":{"@id":"https:\/\/www.soltel.es\/politica-de-privacidad\/#breadcrumb"},"inLanguage":"en-GB","potentialAction":[{"@type":"ReadAction","target":["https:\/\/www.soltel.es\/politica-de-privacidad\/"]}]},{"@type":"ImageObject","inLanguage":"en-GB","@id":"https:\/\/www.soltel.es\/politica-de-privacidad\/#primaryimage","url":"http:\/\/www.soltel.es\/wp-content\/uploads\/2018\/01\/Logo-Web-Grupo-Soltel-0-2-300x85.png","contentUrl":"http:\/\/www.soltel.es\/wp-content\/uploads\/2018\/01\/Logo-Web-Grupo-Soltel-0-2-300x85.png"},{"@type":"BreadcrumbList","@id":"https:\/\/www.soltel.es\/politica-de-privacidad\/#breadcrumb","itemListElement":[{"@type":"ListItem","position":1,"name":"Portada","item":"https:\/\/www.soltel.es\/"},{"@type":"ListItem","position":2,"name":"POL\u00cdTICA DE PROTECCI\u00d3N DE LA PRIVADAD DEL GRUPO SOLTEL"}]},{"@type":"WebSite","@id":"https:\/\/www.soltel.es\/#website","url":"https:\/\/www.soltel.es\/","name":"Soltel Group","description":"Soltel IT Solutions, a company specializing in IT services","publisher":{"@id":"https:\/\/www.soltel.es\/#organization"},"potentialAction":[{"@type":"SearchAction","target":{"@type":"EntryPoint","urlTemplate":"https:\/\/www.soltel.es\/?s={search_term_string}"},"query-input":{"@type":"PropertyValueSpecification","valueRequired":true,"valueName":"search_term_string"}}],"inLanguage":"en-GB"},{"@type":"Organization","@id":"https:\/\/www.soltel.es\/#organization","name":"Soltel Group","url":"https:\/\/www.soltel.es\/","logo":{"@type":"ImageObject","inLanguage":"en-GB","@id":"https:\/\/www.soltel.es\/#\/schema\/logo\/image\/","url":"https:\/\/www.soltel.es\/wp-content\/uploads\/2023\/03\/logotipo-soltel.png","contentUrl":"https:\/\/www.soltel.es\/wp-content\/uploads\/2023\/03\/logotipo-soltel.png","width":276,"height":212,"caption":"Soltel Group"},"image":{"@id":"https:\/\/www.soltel.es\/#\/schema\/logo\/image\/"},"sameAs":["https:\/\/www.facebook.com\/pages\/Soltel-IT-Solutions\/158795267511286","https:\/\/x.com\/soltel_it","https:\/\/www.youtube.com\/@soltel","https:\/\/www.linkedin.com\/company\/soltel","https:\/\/www.instagram.com\/soltelgroup\/"]}]}},"_links":{"self":[{"href":"https:\/\/www.soltel.es\/en\/wp-json\/wp\/v2\/pages\/3420","targetHints":{"allow":["GET"]}}],"collection":[{"href":"https:\/\/www.soltel.es\/en\/wp-json\/wp\/v2\/pages"}],"about":[{"href":"https:\/\/www.soltel.es\/en\/wp-json\/wp\/v2\/types\/page"}],"author":[{"embeddable":true,"href":"https:\/\/www.soltel.es\/en\/wp-json\/wp\/v2\/users\/1"}],"replies":[{"embeddable":true,"href":"https:\/\/www.soltel.es\/en\/wp-json\/wp\/v2\/comments?post=3420"}],"version-history":[{"count":8,"href":"https:\/\/www.soltel.es\/en\/wp-json\/wp\/v2\/pages\/3420\/revisions"}],"predecessor-version":[{"id":6768,"href":"https:\/\/www.soltel.es\/en\/wp-json\/wp\/v2\/pages\/3420\/revisions\/6768"}],"wp:attachment":[{"href":"https:\/\/www.soltel.es\/en\/wp-json\/wp\/v2\/media?parent=3420"}],"curies":[{"name":"wp","href":"https:\/\/api.w.org\/{rel}","templated":true}]}}